{"id":1139,"date":"2026-08-03T17:08:11","date_gmt":"2026-08-03T17:08:11","guid":{"rendered":"https:\/\/3msgroup.pt\/?page_id=1139"},"modified":"2026-08-04T12:28:21","modified_gmt":"2026-08-04T12:28:21","slug":"inicio","status":"publish","type":"page","link":"https:\/\/3msgroup.pt\/","title":{"rendered":"principal"},"content":{"rendered":"\n<div class=\"wp-block-cover alignfull has-custom-content-position is-position-bottom-center\" style=\"margin-top:0;margin-bottom:0;padding-top:var(--wp--preset--spacing--30);padding-right:var(--wp--preset--spacing--30);padding-bottom:var(--wp--preset--spacing--30);padding-left:var(--wp--preset--spacing--30);min-height:481px;aspect-ratio:unset;\"><img fetchpriority=\"high\" decoding=\"async\" width=\"1024\" height=\"576\" class=\"wp-block-cover__image-background wp-image-1154 size-large\" alt=\"\" src=\"https:\/\/3msgroup.pt\/wp-content\/uploads\/2026\/08\/a215e92d-ef6f-45cb-a669-48c22598e43a-1024x576.jpg\" style=\"object-position:39% 97%\" data-object-fit=\"cover\" data-object-position=\"39% 97%\" srcset=\"https:\/\/3msgroup.pt\/wp-content\/uploads\/2026\/08\/a215e92d-ef6f-45cb-a669-48c22598e43a-1024x576.jpg 1024w, https:\/\/3msgroup.pt\/wp-content\/uploads\/2026\/08\/a215e92d-ef6f-45cb-a669-48c22598e43a-300x169.jpg 300w, https:\/\/3msgroup.pt\/wp-content\/uploads\/2026\/08\/a215e92d-ef6f-45cb-a669-48c22598e43a-768x432.jpg 768w, https:\/\/3msgroup.pt\/wp-content\/uploads\/2026\/08\/a215e92d-ef6f-45cb-a669-48c22598e43a-1536x864.jpg 1536w, https:\/\/3msgroup.pt\/wp-content\/uploads\/2026\/08\/a215e92d-ef6f-45cb-a669-48c22598e43a.jpg 1600w\" sizes=\"(max-width: 1024px) 100vw, 1024px\" \/><span aria-hidden=\"true\" class=\"wp-block-cover__background has-background-dim-0 has-background-dim\"><\/span><div class=\"wp-block-cover__inner-container has-global-padding is-layout-constrained wp-container-core-cover-is-layout-12c55c71 wp-block-cover-is-layout-constrained\">\n<div class=\"wp-block-group alignwide has-global-padding is-content-justification-left is-layout-constrained wp-container-core-group-is-layout-236ffaf5 wp-block-group-is-layout-constrained\">\n<figure class=\"wp-block-image size-full is-resized\"><img decoding=\"async\" width=\"1000\" height=\"1001\" src=\"https:\/\/3msgroup.pt\/wp-content\/uploads\/2026\/08\/Logotipo-Secundario-3Ms-Group-Transparente-3.png\" alt=\"\" class=\"wp-image-1231\" style=\"aspect-ratio:0.9990319457889641;width:184px;height:auto\" srcset=\"https:\/\/3msgroup.pt\/wp-content\/uploads\/2026\/08\/Logotipo-Secundario-3Ms-Group-Transparente-3.png 1000w, https:\/\/3msgroup.pt\/wp-content\/uploads\/2026\/08\/Logotipo-Secundario-3Ms-Group-Transparente-3-300x300.png 300w, https:\/\/3msgroup.pt\/wp-content\/uploads\/2026\/08\/Logotipo-Secundario-3Ms-Group-Transparente-3-150x150.png 150w, https:\/\/3msgroup.pt\/wp-content\/uploads\/2026\/08\/Logotipo-Secundario-3Ms-Group-Transparente-3-768x769.png 768w\" sizes=\"(max-width: 1000px) 100vw, 1000px\" \/><\/figure>\n\n\n\n<h3 class=\"wp-block-heading has-text-align-left has-base-color has-text-color has-link-color has-xx-large-font-size wp-elements-1\">Experi\u00eancias que ficam na mem\u00f3ria<\/h3>\n\n\n\n<p class=\"is-style-text-subtitle has-large-font-size is-style-text-subtitle--1 wp-block-paragraph\">Quatro empresas, uma vis\u00e3o. Criamos experi\u00eancias, desenvolvemos projetos e promovemos o interior atrav\u00e9s da inova\u00e7\u00e3o, do turismo e da criatividade.<\/p>\n\n\n\n<div class=\"wp-block-buttons is-layout-flex wp-block-buttons-is-layout-flex\"><\/div>\n<\/div>\n<\/div><\/div>\n\n\n\n<div class=\"wp-block-group alignfull is-style-section-5 has-base-background-color has-background has-global-padding is-layout-constrained wp-block-group-is-layout-constrained is-style-section-5--2\" style=\"margin-top:0;margin-bottom:0;padding-top:var(--wp--preset--spacing--50);padding-bottom:var(--wp--preset--spacing--50)\">\n<div class=\"wp-block-columns alignwide has-custom-castanho-color has-text-color has-link-color wp-elements-2 is-layout-flex wp-container-core-columns-is-layout-ca2dd60b wp-block-columns-is-layout-flex\">\n<div class=\"wp-block-column is-vertically-aligned-center is-layout-flow wp-block-column-is-layout-flow\" style=\"flex-basis:50%\">\n<h2 class=\"wp-block-heading\">Sobre n\u00f3s<\/h2>\n\n\n\n<hr class=\"wp-block-separator has-text-color has-custom-castanho-color has-alpha-channel-opacity has-custom-castanho-background-color has-background is-style-wide is-style-wide--3\"\/>\n\n\n\n<p class=\"has-custom-castanho-color has-text-color has-link-color has-medium-font-size wp-elements-3 wp-block-paragraph\">Realizado ao longo de um fim de semana, o evento \u00e9 estruturado em torno de uma s\u00e9rie de exposi\u00e7\u00f5es, oficinas e pain\u00e9is de discuss\u00e3o. As exposi\u00e7\u00f5es apresentam uma sele\u00e7\u00e3o de fotografias que contam hist\u00f3rias envolventes de v\u00e1rios cantos do globo, cada imagem acompanhada por narrativas detalhadas que fornecem contexto e uma vis\u00e3o aprofundada sobre o significado hist\u00f3rico das cenas retratadas. Essas fotografias foram extra\u00eddas dos arquivos de fot\u00f3grafos renomados, bem como de talentos emergentes, garantindo uma combina\u00e7\u00e3o entre perspectivas cl\u00e1ssicas e contempor\u00e2neas.<\/p>\n<\/div>\n\n\n\n<div class=\"wp-block-column is-vertically-aligned-center is-layout-flow wp-block-column-is-layout-flow\" style=\"flex-basis:50%\">\n<figure class=\"wp-block-image size-full\"><img decoding=\"async\" width=\"2560\" height=\"1707\" src=\"https:\/\/3msgroup.pt\/wp-content\/uploads\/2026\/08\/sessao-ribeira-houseagosto357-scaled.jpg\" alt=\"\" class=\"wp-image-1232\" style=\"aspect-ratio:1;object-fit:cover\" srcset=\"https:\/\/3msgroup.pt\/wp-content\/uploads\/2026\/08\/sessao-ribeira-houseagosto357-scaled.jpg 2560w, https:\/\/3msgroup.pt\/wp-content\/uploads\/2026\/08\/sessao-ribeira-houseagosto357-300x200.jpg 300w, https:\/\/3msgroup.pt\/wp-content\/uploads\/2026\/08\/sessao-ribeira-houseagosto357-1024x683.jpg 1024w, https:\/\/3msgroup.pt\/wp-content\/uploads\/2026\/08\/sessao-ribeira-houseagosto357-768x512.jpg 768w, https:\/\/3msgroup.pt\/wp-content\/uploads\/2026\/08\/sessao-ribeira-houseagosto357-1536x1024.jpg 1536w, https:\/\/3msgroup.pt\/wp-content\/uploads\/2026\/08\/sessao-ribeira-houseagosto357-2048x1365.jpg 2048w\" sizes=\"(max-width: 2560px) 100vw, 2560px\" \/><\/figure>\n<\/div>\n<\/div>\n<\/div>\n\n\n\n<div class=\"wp-block-group alignfull has-base-color has-custom-castanho-background-color has-text-color has-background has-link-color wp-elements-4 has-global-padding is-layout-constrained wp-container-core-group-is-layout-4bb49aaa wp-block-group-is-layout-constrained\" style=\"margin-top:0;margin-bottom:0;padding-top:var(--wp--preset--spacing--50);padding-bottom:var(--wp--preset--spacing--50)\">\n<h2 class=\"wp-block-heading has-text-align-center has-x-large-font-size\">Os nosso servi\u00e7os <\/h2>\n\n\n\n<hr class=\"wp-block-separator has-text-color has-base-color has-alpha-channel-opacity has-base-background-color has-background is-style-wide is-style-wide--4\"\/>\n\n\n\n<div class=\"wp-block-columns alignwide is-layout-flex wp-container-core-columns-is-layout-794e3cfa wp-block-columns-is-layout-flex\">\n<div class=\"wp-block-column is-layout-flow wp-block-column-is-layout-flow\">\n<figure class=\"wp-block-image size-full\" style=\"margin-bottom:24px\"><img loading=\"lazy\" decoding=\"async\" width=\"800\" height=\"800\" src=\"https:\/\/3msgroup.pt\/wp-content\/uploads\/2026\/08\/RH-LOGO.png\" alt=\"\" class=\"wp-image-1176\" style=\"aspect-ratio:4\/3;object-fit:cover\" srcset=\"https:\/\/3msgroup.pt\/wp-content\/uploads\/2026\/08\/RH-LOGO.png 800w, https:\/\/3msgroup.pt\/wp-content\/uploads\/2026\/08\/RH-LOGO-300x300.png 300w, https:\/\/3msgroup.pt\/wp-content\/uploads\/2026\/08\/RH-LOGO-150x150.png 150w, https:\/\/3msgroup.pt\/wp-content\/uploads\/2026\/08\/RH-LOGO-768x768.png 768w\" sizes=\"(max-width: 800px) 100vw, 800px\" \/><\/figure>\n\n\n\n<h4 class=\"wp-block-heading has-text-align-center\"> Ribeira House<\/h4>\n\n\n\n<p class=\"has-text-align-center is-style-text-annotation is-style-text-annotation--5 wp-block-paragraph\">Alojamento de charme  no cora\u00e7\u00e3o de Mirandela<\/p>\n\n\n\n<div class=\"wp-block-buttons is-content-justification-center is-layout-flex wp-container-core-buttons-is-layout-35f06ea7 wp-block-buttons-is-layout-flex\">\n<div class=\"wp-block-button\"><a class=\"wp-block-button__link has-custom-castanho-color has-base-background-color has-text-color has-background has-link-color wp-element-button\" href=\"https:\/\/ribeirahouse.pt\/\" target=\"_blank\" rel=\"noopener\">Saber mais<\/a><\/div>\n<\/div>\n<\/div>\n\n\n\n<div class=\"wp-block-column is-layout-flow wp-block-column-is-layout-flow\">\n<figure class=\"wp-block-image size-full\" style=\"margin-bottom:24px\"><img loading=\"lazy\" decoding=\"async\" width=\"2560\" height=\"2560\" src=\"https:\/\/3msgroup.pt\/wp-content\/uploads\/2026\/08\/Logos-foz-sabor-boats-scaled.png\" alt=\"\" class=\"wp-image-1177\" style=\"aspect-ratio:4\/3;object-fit:cover\" srcset=\"https:\/\/3msgroup.pt\/wp-content\/uploads\/2026\/08\/Logos-foz-sabor-boats-scaled.png 2560w, https:\/\/3msgroup.pt\/wp-content\/uploads\/2026\/08\/Logos-foz-sabor-boats-300x300.png 300w, https:\/\/3msgroup.pt\/wp-content\/uploads\/2026\/08\/Logos-foz-sabor-boats-1024x1024.png 1024w, https:\/\/3msgroup.pt\/wp-content\/uploads\/2026\/08\/Logos-foz-sabor-boats-150x150.png 150w, https:\/\/3msgroup.pt\/wp-content\/uploads\/2026\/08\/Logos-foz-sabor-boats-768x768.png 768w, https:\/\/3msgroup.pt\/wp-content\/uploads\/2026\/08\/Logos-foz-sabor-boats-1536x1536.png 1536w, https:\/\/3msgroup.pt\/wp-content\/uploads\/2026\/08\/Logos-foz-sabor-boats-2048x2048.png 2048w\" sizes=\"(max-width: 2560px) 100vw, 2560px\" \/><\/figure>\n\n\n\n<h4 class=\"wp-block-heading has-text-align-center\">Foz do Sabor Boat Tours<\/h4>\n\n\n\n<p class=\"has-text-align-center is-style-text-annotation is-style-text-annotation--6 wp-block-paragraph\">Passeios de barco \u00fanicos entre o rio Sabor e Douro<\/p>\n\n\n\n<div class=\"wp-block-buttons is-content-justification-center is-layout-flex wp-container-core-buttons-is-layout-35f06ea7 wp-block-buttons-is-layout-flex\">\n<div class=\"wp-block-button\"><a class=\"wp-block-button__link has-custom-castanho-color has-base-background-color has-text-color has-background has-link-color wp-element-button\" href=\"https:\/\/fozdosaborboats.pt\/\" target=\"_blank\" rel=\"noopener\">Saber mais<\/a><\/div>\n<\/div>\n<\/div>\n\n\n\n<div class=\"wp-block-column is-layout-flow wp-block-column-is-layout-flow\">\n<figure class=\"wp-block-image size-full\" style=\"margin-bottom:24px\"><img loading=\"lazy\" decoding=\"async\" width=\"800\" height=\"800\" src=\"https:\/\/3msgroup.pt\/wp-content\/uploads\/2026\/08\/FH-LOGO-1.png\" alt=\"\" class=\"wp-image-1179\" style=\"aspect-ratio:4\/3;object-fit:cover\" srcset=\"https:\/\/3msgroup.pt\/wp-content\/uploads\/2026\/08\/FH-LOGO-1.png 800w, https:\/\/3msgroup.pt\/wp-content\/uploads\/2026\/08\/FH-LOGO-1-300x300.png 300w, https:\/\/3msgroup.pt\/wp-content\/uploads\/2026\/08\/FH-LOGO-1-150x150.png 150w, https:\/\/3msgroup.pt\/wp-content\/uploads\/2026\/08\/FH-LOGO-1-768x768.png 768w\" sizes=\"(max-width: 800px) 100vw, 800px\" \/><\/figure>\n\n\n\n<h4 class=\"wp-block-heading has-text-align-center\">Foz House Sabor &amp; Douro<\/h4>\n\n\n\n<p class=\"has-text-align-center is-style-text-annotation is-style-text-annotation--7 wp-block-paragraph\">Alojamento moderno e requintado na Foz do Sabor<\/p>\n\n\n\n<div class=\"wp-block-buttons is-content-justification-center is-layout-flex wp-container-core-buttons-is-layout-35f06ea7 wp-block-buttons-is-layout-flex\">\n<div class=\"wp-block-button\"><a class=\"wp-block-button__link has-custom-castanho-color has-base-background-color has-text-color has-background has-link-color wp-element-button\" href=\"https:\/\/fozhousesaboredouro.pt\/\" target=\"_blank\" rel=\"noopener\">Saber mais<\/a><\/div>\n<\/div>\n<\/div>\n\n\n\n<div class=\"wp-block-column is-layout-flow wp-block-column-is-layout-flow\">\n<figure class=\"wp-block-image size-full\" style=\"margin-bottom:24px\"><img loading=\"lazy\" decoding=\"async\" width=\"1000\" height=\"1000\" src=\"https:\/\/3msgroup.pt\/wp-content\/uploads\/2026\/08\/Logotipo-Douro-Creation-Tours-Transparente-3.png\" alt=\"\" class=\"wp-image-1178\" style=\"aspect-ratio:4\/3;object-fit:cover\" srcset=\"https:\/\/3msgroup.pt\/wp-content\/uploads\/2026\/08\/Logotipo-Douro-Creation-Tours-Transparente-3.png 1000w, https:\/\/3msgroup.pt\/wp-content\/uploads\/2026\/08\/Logotipo-Douro-Creation-Tours-Transparente-3-300x300.png 300w, https:\/\/3msgroup.pt\/wp-content\/uploads\/2026\/08\/Logotipo-Douro-Creation-Tours-Transparente-3-150x150.png 150w, https:\/\/3msgroup.pt\/wp-content\/uploads\/2026\/08\/Logotipo-Douro-Creation-Tours-Transparente-3-768x768.png 768w\" sizes=\"(max-width: 1000px) 100vw, 1000px\" \/><\/figure>\n\n\n\n<h4 class=\"wp-block-heading has-text-align-center\">Douro Creation<\/h4>\n\n\n\n<p class=\"has-text-align-center is-style-text-annotation is-style-text-annotation--8 wp-block-paragraph\">Experi\u00eancias e roteiros personalizados \u00e0 sua medida<\/p>\n\n\n\n<div class=\"wp-block-buttons is-content-justification-center is-layout-flex wp-container-core-buttons-is-layout-35f06ea7 wp-block-buttons-is-layout-flex\">\n<div class=\"wp-block-button\"><a class=\"wp-block-button__link has-custom-castanho-color has-base-background-color has-text-color has-background has-link-color wp-element-button\" href=\"https:\/\/dourocreationtours.pt\/\" target=\"_blank\" rel=\"noopener\">Saber mais<\/a><\/div>\n<\/div>\n<\/div>\n<\/div>\n<\/div>\n\n\n\n<div class=\"wp-block-group alignfull is-style-default has-custom-castanho-color has-text-color has-link-color wp-elements-5 has-global-padding is-layout-constrained wp-block-group-is-layout-constrained\" style=\"margin-top:0;margin-bottom:0;padding-top:var(--wp--preset--spacing--50);padding-bottom:var(--wp--preset--spacing--50)\">\n<div class=\"wp-block-columns alignwide is-layout-flex wp-container-core-columns-is-layout-89463222 wp-block-columns-is-layout-flex\">\n<div class=\"wp-block-column is-vertically-aligned-center is-layout-flow wp-block-column-is-layout-flow\">\n<h2 class=\"wp-block-heading has-xx-large-font-size\">Ribeira House<\/h2>\n\n\n\n<p class=\"has-medium-font-size wp-block-paragraph\">O <strong>Ribeira House<\/strong> \u00e9 um alojamento local situado no centro hist\u00f3rico de Mirandela, que combina o charme da arquitetura original com um design contempor\u00e2neo, conforto e sustentabilidade.<\/p>\n\n\n\n<p class=\"is-style-default has-medium-font-size wp-block-paragraph\">Com quartos elegantes e acolhedores, alguns com vista para a Ribeira de Carvalhais e outros para a cidade, oferece uma experi\u00eancia exclusiva pensada para o bem-estar dos h\u00f3spedes. Disp\u00f5e de elevador, estacionamento privativo, \u00e1reas comuns de conv\u00edvio, biblioteca, sala de ch\u00e1, Degusta\u00e7\u00e3o Bar, terra\u00e7o com jacuzzi, piscina exterior aquecida e amplos espa\u00e7os verdes.<\/p>\n\n\n\n<p class=\"has-medium-font-size wp-block-paragraph\">Inspirado na natureza transmontana, o Ribeira House proporciona um ambiente sofisticado e tranquilo, sendo o ponto de partida ideal para descobrir a cultura, a gastronomia e as paisagens de Mirandela e da regi\u00e3o de Tr\u00e1s-os-Montes.<\/p>\n<\/div>\n\n\n\n<div class=\"wp-block-column is-vertically-aligned-center is-layout-flow wp-block-column-is-layout-flow\">\n<figure class=\"wp-block-image size-full\"><img loading=\"lazy\" decoding=\"async\" width=\"500\" height=\"500\" src=\"https:\/\/3msgroup.pt\/wp-content\/uploads\/2025\/10\/WhatsApp-Image-2025-10-16-at-09.45.58.jpeg\" alt=\"\" class=\"wp-image-677\" srcset=\"https:\/\/3msgroup.pt\/wp-content\/uploads\/2025\/10\/WhatsApp-Image-2025-10-16-at-09.45.58.jpeg 500w, https:\/\/3msgroup.pt\/wp-content\/uploads\/2025\/10\/WhatsApp-Image-2025-10-16-at-09.45.58-300x300.jpeg 300w, https:\/\/3msgroup.pt\/wp-content\/uploads\/2025\/10\/WhatsApp-Image-2025-10-16-at-09.45.58-150x150.jpeg 150w\" sizes=\"(max-width: 500px) 100vw, 500px\" \/><\/figure>\n<\/div>\n<\/div>\n<\/div>\n\n\n\n<div class=\"wp-block-group alignfull has-custom-castanho-color has-text-color has-link-color wp-elements-6 has-global-padding is-layout-constrained wp-block-group-is-layout-constrained\" style=\"margin-top:0;margin-bottom:0;padding-top:var(--wp--preset--spacing--50);padding-bottom:var(--wp--preset--spacing--50)\">\n<div class=\"wp-block-columns alignwide is-layout-flex wp-container-core-columns-is-layout-89463222 wp-block-columns-is-layout-flex\">\n<div class=\"wp-block-column is-vertically-aligned-center is-layout-flow wp-block-column-is-layout-flow\">\n<div class=\"wp-block-group is-nowrap is-layout-flex wp-container-core-group-is-layout-3a88641f wp-block-group-is-layout-flex\">\n<figure class=\"wp-block-image size-full\"><img loading=\"lazy\" decoding=\"async\" width=\"1000\" height=\"1000\" src=\"https:\/\/3msgroup.pt\/wp-content\/uploads\/2025\/10\/Design-sem-nome-3.jpg\" alt=\"\" class=\"wp-image-510\" style=\"aspect-ratio:3\/2;object-fit:cover;object-position:67% 50%\" srcset=\"https:\/\/3msgroup.pt\/wp-content\/uploads\/2025\/10\/Design-sem-nome-3.jpg 1000w, https:\/\/3msgroup.pt\/wp-content\/uploads\/2025\/10\/Design-sem-nome-3-300x300.jpg 300w, https:\/\/3msgroup.pt\/wp-content\/uploads\/2025\/10\/Design-sem-nome-3-150x150.jpg 150w, https:\/\/3msgroup.pt\/wp-content\/uploads\/2025\/10\/Design-sem-nome-3-768x768.jpg 768w\" sizes=\"(max-width: 1000px) 100vw, 1000px\" \/><\/figure>\n<\/div>\n<\/div>\n\n\n\n<div class=\"wp-block-column is-vertically-aligned-center is-layout-flow wp-block-column-is-layout-flow\">\n<h2 class=\"wp-block-heading has-xx-large-font-size\">Foz do Sabor Boat Tours<\/h2>\n\n\n\n<p class=\"has-medium-font-size wp-block-paragraph\">A <strong>Foz do Sabor Boats<\/strong> proporciona experi\u00eancias \u00fanicas nos rios Sabor e Douro, onde a natureza, a cultura e a tradi\u00e7\u00e3o se encontram. Navegue por paisagens deslumbrantes e descubra a Foz do Sabor, a \u00faltima aldeia piscat\u00f3ria da regi\u00e3o, conhecida pela pesca artesanal, pela gastronomia t\u00edpica e pela autenticidade das suas gentes.<\/p>\n\n\n\n<p class=\"has-medium-font-size wp-block-paragraph\">Os nossos passeios s\u00e3o ideais para momentos rom\u00e2nticos, experi\u00eancias em fam\u00edlia, eventos especiais ou simplesmente para desfrutar da tranquilidade do rio. Com barcos confort\u00e1veis, atendimento personalizado e uma equipa dedicada, garantimos uma experi\u00eancia memor\u00e1vel num dos destinos mais aut\u00eanticos do Douro.<\/p>\n<\/div>\n<\/div>\n<\/div>\n\n\n\n<div class=\"wp-block-group alignfull is-style-default has-custom-castanho-color has-text-color has-link-color wp-elements-7 has-global-padding is-layout-constrained wp-block-group-is-layout-constrained\" style=\"margin-top:0;margin-bottom:0;padding-top:var(--wp--preset--spacing--50);padding-bottom:var(--wp--preset--spacing--50)\">\n<div class=\"wp-block-columns alignwide is-layout-flex wp-container-core-columns-is-layout-89463222 wp-block-columns-is-layout-flex\">\n<div class=\"wp-block-column is-vertically-aligned-center is-layout-flow wp-block-column-is-layout-flow\">\n<h2 class=\"wp-block-heading has-xx-large-font-size\">Foz House Sabor &amp; Douro<\/h2>\n\n\n\n<p class=\"has-medium-font-size wp-block-paragraph\">Apaixonados pela natureza, pelos rios e pela autenticidade da Foz do Sabor. Foi neste lugar \u00fanico, onde o Rio Sabor encontra o Douro, que nasceu o sonho de criar um espa\u00e7o para receber quem procura tranquilidade e experi\u00eancias genu\u00ednas.<\/p>\n\n\n\n<p class=\"is-style-default has-medium-font-size wp-block-paragraph\">Depois do Ribeira House, demos vida \u00e0 <strong>Foz Sabor House<\/strong>, transformando uma casa centen\u00e1ria num ref\u00fagio acolhedor, inspirado na natureza, na cultura e nos sabores da regi\u00e3o.<\/p>\n\n\n\n<p class=\"has-medium-font-size wp-block-paragraph\">Mais do que um alojamento, proporcionamos experi\u00eancias memor\u00e1veis, desde passeios de barco com a <strong>Foz do Sabor Boats<\/strong> at\u00e9 \u00e0 descoberta da gastronomia e dos vinhos locais. Queremos que cada h\u00f3spede leve consigo a magia da Foz do Sabor e o desejo de voltar.<\/p>\n<\/div>\n\n\n\n<div class=\"wp-block-column is-vertically-aligned-center is-layout-flow wp-block-column-is-layout-flow\">\n<figure class=\"wp-block-image size-full\"><img loading=\"lazy\" decoding=\"async\" width=\"1000\" height=\"1000\" src=\"https:\/\/3msgroup.pt\/wp-content\/uploads\/2025\/10\/Design-sem-nome-2.jpg\" alt=\"\" class=\"wp-image-503\" style=\"aspect-ratio:1;object-fit:cover\" srcset=\"https:\/\/3msgroup.pt\/wp-content\/uploads\/2025\/10\/Design-sem-nome-2.jpg 1000w, https:\/\/3msgroup.pt\/wp-content\/uploads\/2025\/10\/Design-sem-nome-2-300x300.jpg 300w, https:\/\/3msgroup.pt\/wp-content\/uploads\/2025\/10\/Design-sem-nome-2-150x150.jpg 150w, https:\/\/3msgroup.pt\/wp-content\/uploads\/2025\/10\/Design-sem-nome-2-768x768.jpg 768w\" sizes=\"(max-width: 1000px) 100vw, 1000px\" \/><\/figure>\n<\/div>\n<\/div>\n<\/div>\n\n\n\n<div class=\"wp-block-group alignfull has-custom-castanho-color has-text-color has-link-color wp-elements-8 has-global-padding is-layout-constrained wp-block-group-is-layout-constrained\" style=\"margin-top:0;margin-bottom:0;padding-top:var(--wp--preset--spacing--50);padding-bottom:var(--wp--preset--spacing--50)\">\n<div class=\"wp-block-columns alignwide is-layout-flex wp-container-core-columns-is-layout-89463222 wp-block-columns-is-layout-flex\">\n<div class=\"wp-block-column is-vertically-aligned-center is-layout-flow wp-block-column-is-layout-flow\">\n<div class=\"wp-block-group is-nowrap is-layout-flex wp-container-core-group-is-layout-3a88641f wp-block-group-is-layout-flex\">\n<figure class=\"wp-block-image size-full\"><img loading=\"lazy\" decoding=\"async\" width=\"1000\" height=\"1000\" src=\"https:\/\/3msgroup.pt\/wp-content\/uploads\/2025\/10\/Design-sem-nome-1.jpg\" alt=\"\" class=\"wp-image-499\" style=\"aspect-ratio:1;object-fit:cover\" srcset=\"https:\/\/3msgroup.pt\/wp-content\/uploads\/2025\/10\/Design-sem-nome-1.jpg 1000w, https:\/\/3msgroup.pt\/wp-content\/uploads\/2025\/10\/Design-sem-nome-1-300x300.jpg 300w, https:\/\/3msgroup.pt\/wp-content\/uploads\/2025\/10\/Design-sem-nome-1-150x150.jpg 150w, https:\/\/3msgroup.pt\/wp-content\/uploads\/2025\/10\/Design-sem-nome-1-768x768.jpg 768w\" sizes=\"(max-width: 1000px) 100vw, 1000px\" \/><\/figure>\n<\/div>\n<\/div>\n\n\n\n<div class=\"wp-block-column is-vertically-aligned-center is-layout-flow wp-block-column-is-layout-flow\">\n<h2 class=\"wp-block-heading has-xx-large-font-size\">Douro Creation<\/h2>\n\n\n\n<p class=\"has-medium-font-size wp-block-paragraph\">A <strong>Douro Creation<\/strong> dedica-se \u00e0 cria\u00e7\u00e3o de experi\u00eancias tur\u00edsticas personalizadas, desenvolvendo pacotes que combinam alojamento, atividades e experi\u00eancias aut\u00eanticas no Douro e em Tr\u00e1s-os-Montes.<\/p>\n\n\n\n<p class=\"has-medium-font-size wp-block-paragraph\">Em parceria com unidades de alojamento, operadores tur\u00edsticos e produtores locais, criamos programas \u00e0 medida de cada visitante, integrando passeios de barco, provas de vinhos, gastronomia regional, atividades na natureza e experi\u00eancias culturais.<\/p>\n\n\n\n<p class=\"has-medium-font-size wp-block-paragraph\">O nosso objetivo \u00e9 proporcionar solu\u00e7\u00f5es completas e personalizadas, permitindo que cada viajante descubra a ess\u00eancia do territ\u00f3rio de forma \u00fanica, confort\u00e1vel e memor\u00e1vel.<\/p>\n<\/div>\n<\/div>\n<\/div>\n\n\n\n<div class=\"wp-block-group alignfull has-custom-castanho-background-color has-background has-global-padding is-layout-constrained wp-container-core-group-is-layout-fb81a370 wp-block-group-is-layout-constrained\" style=\"margin-top:0;margin-bottom:0;padding-top:var(--wp--preset--spacing--60);padding-bottom:var(--wp--preset--spacing--60)\">\n<h2 class=\"wp-block-heading has-text-align-center alignwide has-base-color has-text-color has-link-color has-x-large-font-size wp-elements-9\">O que dizem sobre n\u00f3s<\/h2>\n\n\n\n<hr class=\"wp-block-separator has-text-color has-base-color has-alpha-channel-opacity has-base-background-color has-background is-style-wide is-style-wide--10\"\/>\n\n\n\n<div class=\"wp-block-columns alignwide is-layout-flex wp-container-core-columns-is-layout-779fc9ec wp-block-columns-is-layout-flex\">\n<div class=\"wp-block-column has-border-color has-base-color has-text-color has-link-color wp-elements-10 is-layout-flow wp-block-column-is-layout-flow\" style=\"border-color:var(--wp--preset--color--accent-6);border-width:1px;border-radius:10px;padding-top:var(--wp--preset--spacing--40);padding-right:var(--wp--preset--spacing--40);padding-bottom:var(--wp--preset--spacing--40);padding-left:var(--wp--preset--spacing--40)\">\n<blockquote class=\"wp-block-quote is-style-plain has-x-large-font-size is-layout-flow wp-container-core-quote-is-layout-02ccbb15 wp-block-quote-is-layout-flow is-style-plain--11\" style=\"font-style:normal;font-weight:400\">\n<div class=\"wp-block-group has-global-padding is-content-justification-left is-layout-constrained wp-container-core-group-is-layout-c61b7426 wp-block-group-is-layout-constrained\" style=\"margin-top:0;margin-bottom:0;padding-top:0;padding-right:0;padding-bottom:0;padding-left:0\">\n<p class=\"wp-block-paragraph\" style=\"line-height:1.1\">&#8220;Uma experi\u00eancia fant\u00e1stica! Equipa muito atenciosa e um servi\u00e7o de excel\u00eancia. Recomendo.&#8221;<\/p>\n<\/div>\n<cite>\u2b50\u2b50\u2b50\u2b50\u2b50 Miguel<br><sub>Porto <\/sub><\/cite><\/blockquote>\n<\/div>\n\n\n\n<div class=\"wp-block-column has-border-color has-base-color has-text-color has-link-color wp-elements-11 is-layout-flow wp-block-column-is-layout-flow\" style=\"border-color:var(--wp--preset--color--accent-6);border-width:1px;border-radius:10px;padding-top:var(--wp--preset--spacing--40);padding-right:var(--wp--preset--spacing--40);padding-bottom:var(--wp--preset--spacing--40);padding-left:var(--wp--preset--spacing--40)\">\n<blockquote class=\"wp-block-quote is-style-plain has-x-large-font-size is-layout-flow wp-container-core-quote-is-layout-02ccbb15 wp-block-quote-is-layout-flow is-style-plain--12\" style=\"font-style:normal;font-weight:400\">\n<div class=\"wp-block-group has-global-padding is-content-justification-left is-layout-constrained wp-container-core-group-is-layout-c61b7426 wp-block-group-is-layout-constrained\" style=\"margin-top:0;margin-bottom:0;padding-top:0;padding-right:0;padding-bottom:0;padding-left:0\">\n<p class=\"wp-block-paragraph\" style=\"line-height:1.1\">&#8220;Qualidade, profissionalismo e hospitalidade num s\u00f3 lugar.&#8221;<\/p>\n<\/div>\n<cite>\u2b50\u2b50\u2b50\u2b50 Carlos Silva<br><sub>Lisboa<\/sub><\/cite><\/blockquote>\n<\/div>\n\n\n\n<div class=\"wp-block-column has-border-color has-base-color has-text-color has-link-color wp-elements-12 is-layout-flow wp-block-column-is-layout-flow\" style=\"border-color:var(--wp--preset--color--accent-6);border-width:1px;border-radius:10px;padding-top:var(--wp--preset--spacing--40);padding-right:var(--wp--preset--spacing--40);padding-bottom:var(--wp--preset--spacing--40);padding-left:var(--wp--preset--spacing--40)\">\n<blockquote class=\"wp-block-quote is-style-plain has-base-color has-text-color has-link-color has-x-large-font-size wp-elements-13 is-layout-flow wp-container-core-quote-is-layout-02ccbb15 wp-block-quote-is-layout-flow is-style-plain--13\" style=\"font-style:normal;font-weight:400\">\n<div class=\"wp-block-group has-global-padding is-content-justification-left is-layout-constrained wp-container-core-group-is-layout-c61b7426 wp-block-group-is-layout-constrained\" style=\"margin-top:0;margin-bottom:0;padding-top:0;padding-right:0;padding-bottom:0;padding-left:0\">\n<p class=\"wp-block-paragraph\" style=\"line-height:1.1\">&#8220;Descobrimos o Douro de uma forma \u00fanica. Uma experi\u00eancia aut\u00eantica e inesquec\u00edvel.&#8221;<\/p>\n<\/div>\n<cite>\u2b50\u2b50\u2b50\u2b50\u2b50 Sophie Dubois<br><sub>Lyon<\/sub><\/cite><\/blockquote>\n<\/div>\n<\/div>\n<\/div>\n\n\n\n<p class=\"wp-block-paragraph\"><\/p>\n","protected":false},"excerpt":{"rendered":"<p>Sobre n\u00f3s Realizado ao longo de um fim de semana, o evento \u00e9 estruturado em torno de uma s\u00e9rie de exposi\u00e7\u00f5es, oficinas e pain\u00e9is de discuss\u00e3o. As exposi\u00e7\u00f5es apresentam uma sele\u00e7\u00e3o de fotografias que contam hist\u00f3rias envolventes de v\u00e1rios cantos do globo, cada imagem acompanhada por narrativas detalhadas que fornecem contexto e uma vis\u00e3o aprofundada [&hellip;]<\/p>\n","protected":false},"author":1,"featured_media":0,"parent":0,"menu_order":0,"comment_status":"closed","ping_status":"closed","template":"","meta":{"footnotes":""},"class_list":["post-1139","page","type-page","status-publish","hentry"],"_links":{"self":[{"href":"https:\/\/3msgroup.pt\/index.php\/wp-json\/wp\/v2\/pages\/1139","targetHints":{"allow":["GET"]}}],"collection":[{"href":"https:\/\/3msgroup.pt\/index.php\/wp-json\/wp\/v2\/pages"}],"about":[{"href":"https:\/\/3msgroup.pt\/index.php\/wp-json\/wp\/v2\/types\/page"}],"author":[{"embeddable":true,"href":"https:\/\/3msgroup.pt\/index.php\/wp-json\/wp\/v2\/users\/1"}],"replies":[{"embeddable":true,"href":"https:\/\/3msgroup.pt\/index.php\/wp-json\/wp\/v2\/comments?post=1139"}],"version-history":[{"count":10,"href":"https:\/\/3msgroup.pt\/index.php\/wp-json\/wp\/v2\/pages\/1139\/revisions"}],"predecessor-version":[{"id":1250,"href":"https:\/\/3msgroup.pt\/index.php\/wp-json\/wp\/v2\/pages\/1139\/revisions\/1250"}],"wp:attachment":[{"href":"https:\/\/3msgroup.pt\/index.php\/wp-json\/wp\/v2\/media?parent=1139"}],"curies":[{"name":"wp","href":"https:\/\/api.w.org\/{rel}","templated":true}]}}